{"id":602,"date":"2014-09-12T21:01:55","date_gmt":"2014-09-12T19:01:55","guid":{"rendered":"http:\/\/www.feuerwehr-wittenborn.de\/?page_id=602"},"modified":"2022-10-31T13:07:14","modified_gmt":"2022-10-31T12:07:14","slug":"fuehrungsgruppe","status":"publish","type":"page","link":"http:\/\/www.feuerwehr-wittenborn.de\/?page_id=602","title":{"rendered":"F\u00fchrungsgruppe"},"content":{"rendered":"<h1><strong><span style=\"font-family: Arial, serif;\"><span style=\"font-size: large;\">Historie<\/span><\/span><\/strong><\/h1>\n<p><span style=\"font-family: Arial, serif;\"><span style=\"font-size: medium;\">Die F\u00fchrungsgruppe der Feuerwehr Wittenborn besteht seit Juni 2008.<\/span><\/span><\/p>\n<p><span style=\"font-family: Arial, serif;\"><span style=\"font-size: medium;\">Bis dahin war das Amt Leezen die letzte \u201eF\u00fchrungsgruppenfreie Zone\u201c innerhalb des Kreisfeuerwehrverband Segeberg. Nach vielen Gespr\u00e4chen mit dem Kreisfeuerwehrverband und dem Kreisfachwart F\u00fchrungsgruppen hatten sich seinerzeit die F\u00fchrungsgruppen Leezen und Wittenborn im Bereich des Amtes Leezen gegr\u00fcndet. Die Zust\u00e4ndigkeiten wurden wie folgt verteilt:<\/span><\/span><\/p>\n<p><span style=\"font-family: Arial, serif;\"><span style=\"font-size: medium;\"><strong>F\u00fcGr Leezen<\/strong>: 3. Zug Amt Leezen und aus dem 2. Zug die Gemeinden Schwissel und Bebensee<\/span><\/span><\/p>\n<p><span style=\"font-family: Arial, serif;\"><span style=\"font-size: medium;\"><strong>F\u00fcGr Wittenborn<\/strong>: 1. Zug Amt Leezen und aus dem 2. Zug die Gemeinden K\u00fckels, M\u00f6zen und H\u00f6gersdorf.<\/span><\/span><\/p>\n<p><span style=\"font-family: Arial, serif;\"><span style=\"font-size: medium;\">Die Leitung der neu gegr\u00fcndeten F\u00fchrungsgruppe wurde seinerzeit von Gruppenf\u00fchrer Gero M\u00fcller \u00fcbernommen. Die F\u00fchrungsgruppe wurde zentral mit Kameraden aus der Wehr Wittenborn besetzt. Hinzu kamen Kameraden aus den anderen Gemeinden unseres Einsatzgebietes.<\/span><\/span><\/p>\n<p><span style=\"font-family: Arial, serif;\"><span style=\"font-size: medium;\">Das vorhandene MzF der Wehr Wittenborn wurde mit den notwendigen technischen Ressourcen eines ELW1 ausgestattet und diente seither als F\u00fchrungsfahrzeug f\u00fcr die Eins\u00e4tze in den Gemeinden und als F\u00fchrungsfahrzeug des 2. L\u00f6schzuges Brandbek\u00e4mpfung innerhalb des Waldbrandkonzeptes Segeberger Forst.<\/span><\/span><\/p>\n<p><span style=\"font-family: Arial, serif;\"><span style=\"font-size: medium;\">2012 wurde das \u201ealte\u201c MzF durch ein Neufahrzeug Ford Transit ersetzt. Die Ausstattung entspricht wieder der eines ELW1. Durch den langen Radstand des Fahrzeuges haben sich Platzangebot und Ladem\u00f6glichkeiten wesentlich verbessert und l\u00e4sst kaum W\u00fcnsche offen. Der Funkrufname des Fahrzeugs wurde in \u201eFlorian Segeberg 36-11-5\u201c ge\u00e4ndert um auch \u201erein \u00e4u\u00dferlich\u201c als ELW erkennbar zu sein.<\/span><\/span><\/p>\n<p><span style=\"font-family: Arial, serif;\"><span style=\"font-size: medium;\">Auf der Jahreshauptversammlung im Januar 2019 wurde Stefan Mau zum neuen Leiter der F\u00fchrungsgruppe gew\u00e4hlt.<\/span><\/span><\/p>\n<p><span style=\"font-family: Arial, serif;\"><span style=\"font-size: medium;\">Seither wurde die technische Ausstattung des ELW1 durch Anpassungen und Erg\u00e4nzungen ausgebaut und modernen Standards angepasst.<\/span><\/span><\/p>\n<p><span style=\"font-family: Arial, serif;\"><span style=\"font-size: medium;\">Nach der Umstellung auf die Leitstelle West und der damit einhergehenden Anpassungen der AAO (Alarm und Ausr\u00fcckeordnung) werden im Amtsgebiet ab dem Alarmstichwort \u201eFeuer Standard\u201c nun immer beide F\u00fchrungsgruppen alarmiert, um im Einsatz ausreichend Kapazit\u00e4t vor Ort zu haben, um den komplexen Anforderungen der modernen Einsatz- und Lagef\u00fchrung gerecht zu werden.<\/span><\/span><\/p>\n<p><span style=\"font-family: Arial, serif;\"><span style=\"font-size: medium;\">Zudem wurden die 3 Z\u00fcge im Amtsbereich organisatorisch zu 2 Wachbereichen umorganisiert. Somit ist nun jedem Wachbereich eine F\u00fchrungsgruppe zugeordnet:<\/span><\/span><\/p>\n<p><span style=\"font-family: Arial, serif;\"><span style=\"font-size: medium;\">Wachbereich 1 (F\u00fchrungsgruppe Wittenborn) entspricht den Gemeinden Bockhorn, Bark, H\u00f6gersdorf, K\u00fckels, M\u00f6zen, Todesfelde und Wittenborn.<\/span><\/span><\/p>\n<p><span style=\"font-family: Arial, serif;\"><span style=\"font-size: medium;\">Wachbereich 2 (F\u00fchrungsgruppe Leezen) entspricht den Gemeinden Bebensee, Fredesdorf, Gro\u00df Niendorf, Heiderfeld, Leezen, Neversdorf und Schwissel.<\/span><\/span><\/p>\n<p><span style=\"font-family: Arial, serif;\"><span style=\"font-size: medium;\">Beiden F\u00fchrungsgruppen wurden somit jeweils 7 Gemeinden zugeordnet.<\/span><\/span><\/p>\n<h1><span style=\"font-family: Arial, serif;\"><span style=\"font-size: large;\">Aufgaben<\/span><\/span><\/h1>\n<p><span style=\"font-family: Arial, serif;\"><span style=\"font-size: medium;\">Die grunds\u00e4tzliche Aufgabe der F\u00fchrungsgruppe ist die Unterst\u00fctzung und Entlastung des Einsatzleiters, insbesondere bei der Dokumentation des Einsatzgeschehens. Die F\u00fchrungsgruppe \u00fcbernimmt auf Weisung des Einsatzleiters die Routineaufgaben und schafft dem Einsatzleiter somit den n\u00f6tigen Freiraum f\u00fcr die erfolgreiche und geordnete Abwicklung des Einsatzes.<\/span><\/span><\/p>\n<p><span style=\"font-family: Arial, serif;\"><span style=\"font-size: medium;\">Eine F\u00fchrungsgruppe eignet sich dar\u00fcber hinaus auch als Einsatzabschnittsleitung bei der Bildung von mehreren Einsatzabschnitten.<\/span><\/span><\/p>\n<p><span style=\"font-family: Arial, serif;\"><span style=\"font-size: medium;\"><i><u>Im Wesentlichen \u00fcbernimmt die F\u00fchrungsgruppe folgende Einzelaufgaben:<\/u><\/i><\/span><\/span><\/p>\n<p><span style=\"font-family: Arial, serif;\"><span style=\"font-size: medium;\">Abwicklung des Funkverkehrs (TMO und DMO)<\/span><\/span><\/p>\n<p><span style=\"font-family: Arial, serif;\"><span style=\"font-size: medium;\">F\u00fchren der Lagekarte<\/span><\/span><\/p>\n<p><span style=\"font-family: Arial, serif;\"><span style=\"font-size: medium;\">Standortvorschl\u00e4ge (Bereitstellungsr\u00e4ume etc.)<\/span><\/span><\/p>\n<p><span style=\"font-family: Arial, serif;\"><span style=\"font-size: medium;\">F\u00fchren der Einsatzdokumentation (Einsatzprotokoll)<\/span><\/span><\/p>\n<p><span style=\"font-family: Arial, serif;\"><span style=\"font-size: medium;\">F\u00fchren einer Kr\u00e4fte- und Fahrzeug\u00fcbersicht<\/span><\/span><\/p>\n<p><span style=\"font-family: Arial, serif;\"><span style=\"font-size: medium;\">Einweisung nachr\u00fcckender Kr\u00e4fte<\/span><\/span><\/p>\n<p><span style=\"font-family: Arial, serif;\"><span style=\"font-size: medium;\">Vorhaltung von Kartenmaterial, Einsatzpl\u00e4nen, Hydrantenpl\u00e4nen, Objektpl\u00e4nen uvm. <\/span><\/span><\/p>\n<p><span style=\"font-family: Arial, serif;\"><span style=\"font-size: medium;\">Koordination der Einsatzstellenlogistik (Versorgung, Verpflegung, Abl\u00f6sungen etc.)<\/span><\/span><\/p>\n<p><span style=\"font-family: Arial, serif;\"><span style=\"font-size: medium;\">Anlaufstelle f\u00fcr Vertreter weiterer Hilfsorganisation, \u00fcber\u00f6rtliche Kr\u00e4fte, Polizei, Presse etc.<\/span><\/span><\/p>\n<p><span style=\"font-family: Arial, serif;\"><span style=\"font-size: medium;\">Im Wesentlichen ist die F\u00fchrungsgruppe die zentrale Schnittstelle des Einsatzleiters zu:<\/span><\/span><\/p>\n<ul>\n<li><span style=\"font-family: Arial, serif;\"><span style=\"font-size: medium;\">Leitstelle<\/span><\/span><\/li>\n<li><span style=\"font-family: Arial, serif;\"><span style=\"font-size: medium;\">eingesetzten Kr\u00e4ften<\/span><\/span><\/li>\n<li><span style=\"font-family: Arial, serif;\"><span style=\"font-size: medium;\">Bereitstellungsr\u00e4umen<\/span><\/span><\/li>\n<li><span style=\"font-family: Arial, serif;\"><span style=\"font-size: medium;\">anr\u00fcckenden Kr\u00e4ften<\/span><\/span><\/li>\n<li><span style=\"font-family: Arial, serif;\"><span style=\"font-size: medium;\">externen Einsatzkr\u00e4ften (Rettungsdienst, Polizei, etc.)<\/span><\/span><\/li>\n<\/ul>\n<h1><span style=\"font-family: Arial, serif;\"><span style=\"font-size: large;\">Struktur<\/span><\/span><\/h1>\n<p><span style=\"font-family: Arial, serif;\"><span style=\"font-size: medium;\">Gem\u00e4\u00df Standard r\u00fcckt die F\u00fchrungsgruppe mit einer St\u00e4rke von 1\/3 aus.<\/span><\/span><\/p>\n<p><span style=\"font-family: Arial, serif;\"><span style=\"font-size: medium;\">Die 4 Positionen teilen sich wie folgt auf:<\/span><\/span><\/p>\n<p><span style=\"font-family: Arial, serif;\"><span style=\"font-size: medium;\"><i><u>Gruppenf\u00fchrer F\u00fchrungsgruppe \/ F\u00fchrungsassistent<\/u><\/i><\/span><\/span><\/p>\n<p><span style=\"font-family: Arial, serif;\"><span style=\"font-size: medium;\">Legt beim Eintreffen den Standplatz des ELW fest. Er unterst\u00fctzt die \u00f6rtliche Einsatzleitung, \u00fcberwacht und koordiniert die Arbeit der F\u00fchrungsgruppe und ist Schnittstelle zum Einsatzleiter.<\/span><\/span><\/p>\n<p><span style=\"font-family: Arial, serif;\"><span style=\"font-size: medium;\"><i><u>Aufgabengebiet Kommunikation:<\/u><\/i><\/span><\/span><\/p>\n<p><span style=\"font-family: Arial, serif;\"><span style=\"font-size: medium;\">Zwei Funker besetzen die Funkarbeitspl\u00e4tze im ELW, \u00fcberwachen alle erforderlichen Rufgruppen und dokumentieren relevante Informationen und Funkspr\u00fcche, parallel wird hier das Einsatzprotokoll gef\u00fchrt.<\/span><\/span><\/p>\n<p><span style=\"font-family: Arial, serif;\"><span style=\"font-size: medium;\"><i><u>Aufgabengebiet Lagekarte:<\/u><\/i><\/span><\/span><\/p>\n<p><span style=\"font-family: Arial, serif;\"><span style=\"font-size: medium;\">Ein Lagekartenf\u00fchrer dokumentiert das Einsatzgeschehen in einer Lagekarte und dokumentiert die Entwicklung w\u00e4hrend des Einsatzes. Die Lagekarte erm\u00f6glicht es dem Einsatzleiter oder weiteren Stellen eine schnelle und pr\u00e4zise \u00dcbersicht \u00fcber die aktuelle Situation an der Einsatzstelle zu erhalten.<\/span><\/span><\/p>\n<p><span style=\"font-family: Arial, serif;\"><span style=\"font-size: medium;\">Zur Alarmierung der F\u00fchrungsgruppe steht eine eigene Melderschleife zur Verf\u00fcgung. Die AAO innerhalb des Amt Leezen sieht eine F\u00fchrungsgruppe immer ab \u201eFeuer Standard\u201c, bzw. \u201eTH Standard\u201c vor.<\/span><\/span><\/p>\n<p><span style=\"font-family: Arial, serif;\"><span style=\"font-size: medium;\">Eine Anforderung der F\u00fchrungsgruppe kann auch au\u00dferhalb der AAO durch den zust\u00e4ndigen Einsatzleiter jederzeit erfolgen.<\/span><\/span><\/p>\n<p><span style=\"font-family: Arial, serif;\"><span style=\"font-size: medium;\">Die F\u00fchrungsgruppe trifft sich unabh\u00e4ngig des regul\u00e4ren Feuerwehrdienstes einmal monatlich zu einem F\u00fchrungsgruppendienst, um das Wissen aufzufrischen und Abl\u00e4ufe zu trainieren. <\/span><\/span><\/p>\n<p><span style=\"font-family: Arial, serif;\"><span style=\"font-size: medium;\"><b>Interessierte aus dem gesamten Amtsbereich sind gerne jederzeit willkommen. <\/b><\/span><\/span><\/p>\n","protected":false},"excerpt":{"rendered":"<p>Historie Die F\u00fchrungsgruppe der Feuerwehr Wittenborn besteht seit Juni 2008. Bis dahin war das Amt Leezen die letzte \u201eF\u00fchrungsgruppenfreie Zone\u201c innerhalb des Kreisfeuerwehrverband Segeberg. Nach vielen Gespr\u00e4chen mit dem Kreisfeuerwehrverband und dem Kreisfachwart F\u00fchrungsgruppen hatten sich seinerzeit die F\u00fchrungsgruppen Leezen &hellip; <a href=\"http:\/\/www.feuerwehr-wittenborn.de\/?page_id=602\">Weiterlesen <span class=\"meta-nav\">&rarr;<\/span><\/a><\/p>\n","protected":false},"author":4,"featured_media":0,"parent":0,"menu_order":0,"comment_status":"closed","ping_status":"open","template":"","meta":{"jetpack_post_was_ever_published":false},"jetpack_shortlink":"https:\/\/wp.me\/P1A8ly-9I","jetpack_sharing_enabled":true,"_links":{"self":[{"href":"http:\/\/www.feuerwehr-wittenborn.de\/index.php?rest_route=\/wp\/v2\/pages\/602"}],"collection":[{"href":"http:\/\/www.feuerwehr-wittenborn.de\/index.php?rest_route=\/wp\/v2\/pages"}],"about":[{"href":"http:\/\/www.feuerwehr-wittenborn.de\/index.php?rest_route=\/wp\/v2\/types\/page"}],"author":[{"embeddable":true,"href":"http:\/\/www.feuerwehr-wittenborn.de\/index.php?rest_route=\/wp\/v2\/users\/4"}],"replies":[{"embeddable":true,"href":"http:\/\/www.feuerwehr-wittenborn.de\/index.php?rest_route=%2Fwp%2Fv2%2Fcomments&post=602"}],"version-history":[{"count":3,"href":"http:\/\/www.feuerwehr-wittenborn.de\/index.php?rest_route=\/wp\/v2\/pages\/602\/revisions"}],"predecessor-version":[{"id":2149,"href":"http:\/\/www.feuerwehr-wittenborn.de\/index.php?rest_route=\/wp\/v2\/pages\/602\/revisions\/2149"}],"wp:attachment":[{"href":"http:\/\/www.feuerwehr-wittenborn.de\/index.php?rest_route=%2Fwp%2Fv2%2Fmedia&parent=602"}],"curies":[{"name":"wp","href":"https:\/\/api.w.org\/{rel}","templated":true}]}}