{"id":296,"date":"2013-04-07T20:16:05","date_gmt":"2013-04-07T18:16:05","guid":{"rendered":"http:\/\/www.feuerwehr-wittenborn.de\/?page_id=296"},"modified":"2025-03-19T15:26:01","modified_gmt":"2025-03-19T14:26:01","slug":"fahrzeuge","status":"publish","type":"page","link":"http:\/\/www.feuerwehr-wittenborn.de\/?page_id=296","title":{"rendered":"Fahrzeuge"},"content":{"rendered":"<h1><strong>Unsere Fahrzeuge im \u00dcberblick<\/strong><\/h1>\n<p style=\"text-align: left;\"><strong>Fahrzeug: TLF 16\/25 (Tankl\u00f6schfahrzeug)<\/strong><\/p>\n<p>Baujahr: 1999<br \/>Fahrgestell: Mercedes Atego<br \/>Aufbau: Schlingmann<br \/>Zul. Gesamtgewicht: 12,5 t<br \/>Leistung: 180 KW 245 PS<br \/>Besatzung: 1\/8<br \/>Tankinhalt: 2500 l Wasser<br \/>Pumpenleistung: 1600 l\/min<\/p>\n<p>Zus. Beladung:<br \/>&#8211;\u00a0\u00a0\u00a0\u00a0\u00a0\u00a0\u00a0\u00a0\u00a0 Hochleistungsl\u00fcfter<br \/>&#8211;\u00a0\u00a0\u00a0\u00a0\u00a0\u00a0\u00a0\u00a0\u00a0 4 Atemschutzger\u00e4te, davon zwei in der Kabine<br \/>&#8211;\u00a0\u00a0\u00a0\u00a0\u00a0\u00a0\u00a0\u00a0\u00a0 Stromaggregat 11 kVA<br \/>&#8211;\u00a0\u00a0\u00a0\u00a0\u00a0\u00a0\u00a0\u00a0\u00a0 Ger\u00e4te f\u00fcr die einfache technische Hilfeleistung<\/p>\n<p>Bemerkung: Dieses Fahrzeug wird f\u00fcr den Brandeinsatz sowie die einfache technische Hilfeleistung eingesetzt. In unserer Wehr stellt es in der Regel das Erstangriffsfahrzeug dar.<\/p>\n<p><a href=\"https:\/\/i0.wp.com\/www.feuerwehr-wittenborn.de\/wp-content\/uploads\/2013\/04\/DSC_0025_neu.jpg\"><img decoding=\"async\" loading=\"lazy\" class=\"aligncenter size-large wp-image-332\" src=\"https:\/\/i0.wp.com\/www.feuerwehr-wittenborn.de\/wp-content\/uploads\/2013\/04\/DSC_0025_neu.jpg?resize=584%2C388\" alt=\"DSC_0025_neu\" width=\"584\" height=\"388\" srcset=\"https:\/\/i0.wp.com\/www.feuerwehr-wittenborn.de\/wp-content\/uploads\/2013\/04\/DSC_0025_neu.jpg?resize=1024%2C682 1024w, https:\/\/i0.wp.com\/www.feuerwehr-wittenborn.de\/wp-content\/uploads\/2013\/04\/DSC_0025_neu.jpg?resize=300%2C200 300w, https:\/\/i0.wp.com\/www.feuerwehr-wittenborn.de\/wp-content\/uploads\/2013\/04\/DSC_0025_neu.jpg?w=1168 1168w, https:\/\/i0.wp.com\/www.feuerwehr-wittenborn.de\/wp-content\/uploads\/2013\/04\/DSC_0025_neu.jpg?w=1752 1752w\" sizes=\"(max-width: 584px) 100vw, 584px\" data-recalc-dims=\"1\" \/><\/a><a href=\"https:\/\/i0.wp.com\/www.feuerwehr-wittenborn.de\/wp-content\/uploads\/2013\/04\/DSC_0020_neu.jpg\"><img decoding=\"async\" loading=\"lazy\" class=\"aligncenter size-large wp-image-331\" src=\"https:\/\/i0.wp.com\/www.feuerwehr-wittenborn.de\/wp-content\/uploads\/2013\/04\/DSC_0020_neu.jpg?resize=584%2C388\" alt=\"DSC_0020_neu\" width=\"584\" height=\"388\" srcset=\"https:\/\/i0.wp.com\/www.feuerwehr-wittenborn.de\/wp-content\/uploads\/2013\/04\/DSC_0020_neu.jpg?resize=1024%2C682 1024w, https:\/\/i0.wp.com\/www.feuerwehr-wittenborn.de\/wp-content\/uploads\/2013\/04\/DSC_0020_neu.jpg?resize=300%2C200 300w, https:\/\/i0.wp.com\/www.feuerwehr-wittenborn.de\/wp-content\/uploads\/2013\/04\/DSC_0020_neu.jpg?resize=450%2C300 450w, https:\/\/i0.wp.com\/www.feuerwehr-wittenborn.de\/wp-content\/uploads\/2013\/04\/DSC_0020_neu.jpg?w=1168 1168w, https:\/\/i0.wp.com\/www.feuerwehr-wittenborn.de\/wp-content\/uploads\/2013\/04\/DSC_0020_neu.jpg?w=1752 1752w\" sizes=\"(max-width: 584px) 100vw, 584px\" data-recalc-dims=\"1\" \/><\/a><a href=\"https:\/\/i0.wp.com\/www.feuerwehr-wittenborn.de\/wp-content\/uploads\/2013\/04\/DSC_0030_neu.jpg\"><img decoding=\"async\" loading=\"lazy\" class=\"aligncenter size-large wp-image-333\" src=\"https:\/\/i0.wp.com\/www.feuerwehr-wittenborn.de\/wp-content\/uploads\/2013\/04\/DSC_0030_neu.jpg?resize=584%2C388\" alt=\"DSC_0030_neu\" width=\"584\" height=\"388\" srcset=\"https:\/\/i0.wp.com\/www.feuerwehr-wittenborn.de\/wp-content\/uploads\/2013\/04\/DSC_0030_neu.jpg?resize=1024%2C682 1024w, https:\/\/i0.wp.com\/www.feuerwehr-wittenborn.de\/wp-content\/uploads\/2013\/04\/DSC_0030_neu.jpg?resize=300%2C200 300w, https:\/\/i0.wp.com\/www.feuerwehr-wittenborn.de\/wp-content\/uploads\/2013\/04\/DSC_0030_neu.jpg?w=1168 1168w, https:\/\/i0.wp.com\/www.feuerwehr-wittenborn.de\/wp-content\/uploads\/2013\/04\/DSC_0030_neu.jpg?w=1752 1752w\" sizes=\"(max-width: 584px) 100vw, 584px\" data-recalc-dims=\"1\" \/><\/a><a href=\"https:\/\/i0.wp.com\/www.feuerwehr-wittenborn.de\/wp-content\/uploads\/2013\/04\/DSC_0038_neu1.jpg\"><img decoding=\"async\" loading=\"lazy\" class=\"aligncenter size-large wp-image-348\" src=\"https:\/\/i0.wp.com\/www.feuerwehr-wittenborn.de\/wp-content\/uploads\/2013\/04\/DSC_0038_neu1.jpg?resize=584%2C388\" alt=\"DSC_0038_neu\" width=\"584\" height=\"388\" srcset=\"https:\/\/i0.wp.com\/www.feuerwehr-wittenborn.de\/wp-content\/uploads\/2013\/04\/DSC_0038_neu1.jpg?resize=1024%2C682 1024w, https:\/\/i0.wp.com\/www.feuerwehr-wittenborn.de\/wp-content\/uploads\/2013\/04\/DSC_0038_neu1.jpg?resize=300%2C200 300w, https:\/\/i0.wp.com\/www.feuerwehr-wittenborn.de\/wp-content\/uploads\/2013\/04\/DSC_0038_neu1.jpg?w=1168 1168w, https:\/\/i0.wp.com\/www.feuerwehr-wittenborn.de\/wp-content\/uploads\/2013\/04\/DSC_0038_neu1.jpg?w=1752 1752w\" sizes=\"(max-width: 584px) 100vw, 584px\" data-recalc-dims=\"1\" \/><\/a><\/p>\n<h1 style=\"text-align: left;\"><strong>Fahrzeug: LF 10\/6 (L\u00f6schgruppenfahrzeug)<\/strong><\/h1>\n<p>Baujahr: 2008<br \/>Fahrgestell: Iveco Magirus<br \/>Aufbau: Iveco Magirus<br \/>Zul. Gesamtgewicht: 7,49\u00a0t<br \/>Leistung: 130 KW 177 PS<br \/>Besatzung: 1\/8<br \/>Tankinhalt: 600 l Wasser<br \/>Pumpenleistung: 1000 l\/min<br \/>Zus. Beladung:<br \/>&#8211;\u00a0\u00a0\u00a0\u00a0\u00a0\u00a0\u00a0\u00a0\u00a0 4 Atemschutzger\u00e4te, davon zwei in der Kabine<br \/>&#8211;\u00a0\u00a0\u00a0\u00a0\u00a0\u00a0\u00a0\u00a0\u00a0 Stromaggregat 6 kVA<\/p>\n<p>Bemerkung: Dieses Fahrzeug wird f\u00fcr den Brandeinsatz, in der Regel als Unterst\u00fctzung f\u00fcr das TLF16\/25 eingesetzt.<\/p>\n<p><a href=\"https:\/\/i0.wp.com\/www.feuerwehr-wittenborn.de\/wp-content\/uploads\/2013\/04\/DSC_0050_neu.jpg\"><img decoding=\"async\" loading=\"lazy\" class=\"aligncenter size-large wp-image-338\" src=\"https:\/\/i0.wp.com\/www.feuerwehr-wittenborn.de\/wp-content\/uploads\/2013\/04\/DSC_0050_neu.jpg?resize=584%2C388\" alt=\"DSC_0050_neu\" width=\"584\" height=\"388\" srcset=\"https:\/\/i0.wp.com\/www.feuerwehr-wittenborn.de\/wp-content\/uploads\/2013\/04\/DSC_0050_neu.jpg?resize=1024%2C682 1024w, https:\/\/i0.wp.com\/www.feuerwehr-wittenborn.de\/wp-content\/uploads\/2013\/04\/DSC_0050_neu.jpg?resize=300%2C200 300w, https:\/\/i0.wp.com\/www.feuerwehr-wittenborn.de\/wp-content\/uploads\/2013\/04\/DSC_0050_neu.jpg?resize=450%2C300 450w, https:\/\/i0.wp.com\/www.feuerwehr-wittenborn.de\/wp-content\/uploads\/2013\/04\/DSC_0050_neu.jpg?w=1168 1168w, https:\/\/i0.wp.com\/www.feuerwehr-wittenborn.de\/wp-content\/uploads\/2013\/04\/DSC_0050_neu.jpg?w=1752 1752w\" sizes=\"(max-width: 584px) 100vw, 584px\" data-recalc-dims=\"1\" \/><\/a><a href=\"https:\/\/i0.wp.com\/www.feuerwehr-wittenborn.de\/wp-content\/uploads\/2013\/04\/DSC_0049_neu.jpg\"><img decoding=\"async\" loading=\"lazy\" class=\"aligncenter size-large wp-image-337\" src=\"https:\/\/i0.wp.com\/www.feuerwehr-wittenborn.de\/wp-content\/uploads\/2013\/04\/DSC_0049_neu.jpg?resize=584%2C388\" alt=\"DSC_0049_neu\" width=\"584\" height=\"388\" srcset=\"https:\/\/i0.wp.com\/www.feuerwehr-wittenborn.de\/wp-content\/uploads\/2013\/04\/DSC_0049_neu.jpg?resize=1024%2C682 1024w, https:\/\/i0.wp.com\/www.feuerwehr-wittenborn.de\/wp-content\/uploads\/2013\/04\/DSC_0049_neu.jpg?resize=300%2C200 300w, https:\/\/i0.wp.com\/www.feuerwehr-wittenborn.de\/wp-content\/uploads\/2013\/04\/DSC_0049_neu.jpg?w=1168 1168w, https:\/\/i0.wp.com\/www.feuerwehr-wittenborn.de\/wp-content\/uploads\/2013\/04\/DSC_0049_neu.jpg?w=1752 1752w\" sizes=\"(max-width: 584px) 100vw, 584px\" data-recalc-dims=\"1\" \/><\/a><a href=\"https:\/\/i0.wp.com\/www.feuerwehr-wittenborn.de\/wp-content\/uploads\/2013\/04\/DSC_0060_neu.jpg\"><img decoding=\"async\" loading=\"lazy\" class=\"aligncenter size-large wp-image-339\" src=\"https:\/\/i0.wp.com\/www.feuerwehr-wittenborn.de\/wp-content\/uploads\/2013\/04\/DSC_0060_neu.jpg?resize=584%2C388\" alt=\"DSC_0060_neu\" width=\"584\" height=\"388\" srcset=\"https:\/\/i0.wp.com\/www.feuerwehr-wittenborn.de\/wp-content\/uploads\/2013\/04\/DSC_0060_neu.jpg?resize=1024%2C682 1024w, https:\/\/i0.wp.com\/www.feuerwehr-wittenborn.de\/wp-content\/uploads\/2013\/04\/DSC_0060_neu.jpg?resize=300%2C200 300w, https:\/\/i0.wp.com\/www.feuerwehr-wittenborn.de\/wp-content\/uploads\/2013\/04\/DSC_0060_neu.jpg?resize=450%2C300 450w, https:\/\/i0.wp.com\/www.feuerwehr-wittenborn.de\/wp-content\/uploads\/2013\/04\/DSC_0060_neu.jpg?w=1168 1168w, https:\/\/i0.wp.com\/www.feuerwehr-wittenborn.de\/wp-content\/uploads\/2013\/04\/DSC_0060_neu.jpg?w=1752 1752w\" sizes=\"(max-width: 584px) 100vw, 584px\" data-recalc-dims=\"1\" \/><\/a><a href=\"https:\/\/i0.wp.com\/www.feuerwehr-wittenborn.de\/wp-content\/uploads\/2013\/04\/DSC_0070_neu.jpg\"><img decoding=\"async\" loading=\"lazy\" class=\"aligncenter size-large wp-image-340\" src=\"https:\/\/i0.wp.com\/www.feuerwehr-wittenborn.de\/wp-content\/uploads\/2013\/04\/DSC_0070_neu.jpg?resize=584%2C388\" alt=\"DSC_0070_neu\" width=\"584\" height=\"388\" srcset=\"https:\/\/i0.wp.com\/www.feuerwehr-wittenborn.de\/wp-content\/uploads\/2013\/04\/DSC_0070_neu.jpg?resize=1024%2C682 1024w, https:\/\/i0.wp.com\/www.feuerwehr-wittenborn.de\/wp-content\/uploads\/2013\/04\/DSC_0070_neu.jpg?resize=300%2C200 300w, https:\/\/i0.wp.com\/www.feuerwehr-wittenborn.de\/wp-content\/uploads\/2013\/04\/DSC_0070_neu.jpg?resize=450%2C300 450w, https:\/\/i0.wp.com\/www.feuerwehr-wittenborn.de\/wp-content\/uploads\/2013\/04\/DSC_0070_neu.jpg?w=1168 1168w, https:\/\/i0.wp.com\/www.feuerwehr-wittenborn.de\/wp-content\/uploads\/2013\/04\/DSC_0070_neu.jpg?w=1752 1752w\" sizes=\"(max-width: 584px) 100vw, 584px\" data-recalc-dims=\"1\" \/><\/a><\/p>\n<h1 style=\"text-align: left;\"><strong>Fahrzeug:\u00a0ELW1 (Einsatzleitwagen)<\/strong><\/h1>\n<p>Baujahr: 2013<br \/>Fahrgestell: Ford Transit mit langem Radstand<br \/>Aufbau: Thoma<br \/>Zul. Gesamtgewicht: 3,5 t<br \/>Leistung: 92 KW 125 PS<br \/>Besatzung:\u00a0 in der Regel 1\/2. Diese Fahrzeug verf\u00fcgt jedoch \u00fcber 8\u00a0Sitzpl\u00e4tze<\/p>\n<p>Zus. Beladung:<br \/>&#8211;\u00a0\u00a0\u00a0\u00a0\u00a0\u00a0\u00a0\u00a0\u00a0 2te Bedienstelle\u00a04m.<br \/>&#8211;\u00a0\u00a0\u00a0\u00a0\u00a0\u00a0\u00a0\u00a0\u00a0 Notebook und Drucker<br \/>&#8211;\u00a0\u00a0\u00a0\u00a0\u00a0\u00a0\u00a0\u00a0\u00a0 Feuerwehr Einsatzpl\u00e4ne<br \/>&#8211; \u00a0 \u00a0 \u00a0 \u00a0 \u00a0Wasserstellenpl\u00e4ne<br \/>&#8211;\u00a0\u00a0\u00a0\u00a0\u00a0\u00a0\u00a0\u00a0\u00a0 Kartenmaterial<br \/>&#8211;\u00a0\u00a0\u00a0\u00a0\u00a0\u00a0\u00a0\u00a0\u00a0 Feuerl\u00f6scher Schaum 6l<\/p>\n<p>Bemerkung: Diese Fahrzeug ist mit einer Einsatzleitausr\u00fcstung ausgestattet und dient somit auch als F\u00fchrungsfahrzeug bei unseren Eins\u00e4tzen.<\/p>\n<p><a href=\"https:\/\/i0.wp.com\/www.feuerwehr-wittenborn.de\/wp-content\/uploads\/2013\/04\/DSC_0086_neu.jpg\"><img decoding=\"async\" loading=\"lazy\" class=\"aligncenter size-large wp-image-342\" src=\"https:\/\/i0.wp.com\/www.feuerwehr-wittenborn.de\/wp-content\/uploads\/2013\/04\/DSC_0086_neu.jpg?resize=584%2C388\" alt=\"DSC_0086_neu\" width=\"584\" height=\"388\" srcset=\"https:\/\/i0.wp.com\/www.feuerwehr-wittenborn.de\/wp-content\/uploads\/2013\/04\/DSC_0086_neu.jpg?resize=1024%2C682 1024w, https:\/\/i0.wp.com\/www.feuerwehr-wittenborn.de\/wp-content\/uploads\/2013\/04\/DSC_0086_neu.jpg?resize=300%2C200 300w, https:\/\/i0.wp.com\/www.feuerwehr-wittenborn.de\/wp-content\/uploads\/2013\/04\/DSC_0086_neu.jpg?resize=450%2C300 450w, https:\/\/i0.wp.com\/www.feuerwehr-wittenborn.de\/wp-content\/uploads\/2013\/04\/DSC_0086_neu.jpg?w=1168 1168w, https:\/\/i0.wp.com\/www.feuerwehr-wittenborn.de\/wp-content\/uploads\/2013\/04\/DSC_0086_neu.jpg?w=1752 1752w\" sizes=\"(max-width: 584px) 100vw, 584px\" data-recalc-dims=\"1\" \/><\/a><a href=\"https:\/\/i0.wp.com\/www.feuerwehr-wittenborn.de\/wp-content\/uploads\/2013\/04\/DSC_0078_neu.jpg\"><img decoding=\"async\" loading=\"lazy\" class=\"aligncenter size-large wp-image-341\" src=\"https:\/\/i0.wp.com\/www.feuerwehr-wittenborn.de\/wp-content\/uploads\/2013\/04\/DSC_0078_neu.jpg?resize=584%2C388\" alt=\"DSC_0078_neu\" width=\"584\" height=\"388\" srcset=\"https:\/\/i0.wp.com\/www.feuerwehr-wittenborn.de\/wp-content\/uploads\/2013\/04\/DSC_0078_neu.jpg?resize=1024%2C682 1024w, https:\/\/i0.wp.com\/www.feuerwehr-wittenborn.de\/wp-content\/uploads\/2013\/04\/DSC_0078_neu.jpg?resize=300%2C200 300w, https:\/\/i0.wp.com\/www.feuerwehr-wittenborn.de\/wp-content\/uploads\/2013\/04\/DSC_0078_neu.jpg?resize=450%2C300 450w, https:\/\/i0.wp.com\/www.feuerwehr-wittenborn.de\/wp-content\/uploads\/2013\/04\/DSC_0078_neu.jpg?w=1168 1168w, https:\/\/i0.wp.com\/www.feuerwehr-wittenborn.de\/wp-content\/uploads\/2013\/04\/DSC_0078_neu.jpg?w=1752 1752w\" sizes=\"(max-width: 584px) 100vw, 584px\" data-recalc-dims=\"1\" \/><\/a><a href=\"https:\/\/i0.wp.com\/www.feuerwehr-wittenborn.de\/wp-content\/uploads\/2013\/04\/DSC_0090_neu.jpg\"><img decoding=\"async\" loading=\"lazy\" class=\"aligncenter size-large wp-image-344\" src=\"https:\/\/i0.wp.com\/www.feuerwehr-wittenborn.de\/wp-content\/uploads\/2013\/04\/DSC_0090_neu.jpg?resize=584%2C388\" alt=\"DSC_0090_neu\" width=\"584\" height=\"388\" srcset=\"https:\/\/i0.wp.com\/www.feuerwehr-wittenborn.de\/wp-content\/uploads\/2013\/04\/DSC_0090_neu.jpg?resize=1024%2C682 1024w, https:\/\/i0.wp.com\/www.feuerwehr-wittenborn.de\/wp-content\/uploads\/2013\/04\/DSC_0090_neu.jpg?resize=300%2C200 300w, https:\/\/i0.wp.com\/www.feuerwehr-wittenborn.de\/wp-content\/uploads\/2013\/04\/DSC_0090_neu.jpg?resize=450%2C300 450w, https:\/\/i0.wp.com\/www.feuerwehr-wittenborn.de\/wp-content\/uploads\/2013\/04\/DSC_0090_neu.jpg?w=1168 1168w, https:\/\/i0.wp.com\/www.feuerwehr-wittenborn.de\/wp-content\/uploads\/2013\/04\/DSC_0090_neu.jpg?w=1752 1752w\" sizes=\"(max-width: 584px) 100vw, 584px\" data-recalc-dims=\"1\" \/><\/a><a href=\"https:\/\/i0.wp.com\/www.feuerwehr-wittenborn.de\/wp-content\/uploads\/2013\/04\/DSC_0087_neu.jpg\"><img decoding=\"async\" loading=\"lazy\" class=\"aligncenter size-large wp-image-343\" src=\"https:\/\/i0.wp.com\/www.feuerwehr-wittenborn.de\/wp-content\/uploads\/2013\/04\/DSC_0087_neu.jpg?resize=584%2C388\" alt=\"DSC_0087_neu\" width=\"584\" height=\"388\" srcset=\"https:\/\/i0.wp.com\/www.feuerwehr-wittenborn.de\/wp-content\/uploads\/2013\/04\/DSC_0087_neu.jpg?resize=1024%2C682 1024w, https:\/\/i0.wp.com\/www.feuerwehr-wittenborn.de\/wp-content\/uploads\/2013\/04\/DSC_0087_neu.jpg?resize=300%2C200 300w, https:\/\/i0.wp.com\/www.feuerwehr-wittenborn.de\/wp-content\/uploads\/2013\/04\/DSC_0087_neu.jpg?resize=450%2C300 450w, https:\/\/i0.wp.com\/www.feuerwehr-wittenborn.de\/wp-content\/uploads\/2013\/04\/DSC_0087_neu.jpg?w=1168 1168w, https:\/\/i0.wp.com\/www.feuerwehr-wittenborn.de\/wp-content\/uploads\/2013\/04\/DSC_0087_neu.jpg?w=1752 1752w\" sizes=\"(max-width: 584px) 100vw, 584px\" data-recalc-dims=\"1\" \/><\/a><a href=\"https:\/\/i0.wp.com\/www.feuerwehr-wittenborn.de\/wp-content\/uploads\/2013\/04\/DSC_0102_neu.jpg\"><img decoding=\"async\" loading=\"lazy\" class=\"aligncenter size-large wp-image-346\" src=\"https:\/\/i0.wp.com\/www.feuerwehr-wittenborn.de\/wp-content\/uploads\/2013\/04\/DSC_0102_neu.jpg?resize=584%2C388\" alt=\"DSC_0102_neu\" width=\"584\" height=\"388\" srcset=\"https:\/\/i0.wp.com\/www.feuerwehr-wittenborn.de\/wp-content\/uploads\/2013\/04\/DSC_0102_neu.jpg?resize=1024%2C682 1024w, https:\/\/i0.wp.com\/www.feuerwehr-wittenborn.de\/wp-content\/uploads\/2013\/04\/DSC_0102_neu.jpg?resize=300%2C200 300w, https:\/\/i0.wp.com\/www.feuerwehr-wittenborn.de\/wp-content\/uploads\/2013\/04\/DSC_0102_neu.jpg?resize=450%2C300 450w, https:\/\/i0.wp.com\/www.feuerwehr-wittenborn.de\/wp-content\/uploads\/2013\/04\/DSC_0102_neu.jpg?w=1168 1168w, https:\/\/i0.wp.com\/www.feuerwehr-wittenborn.de\/wp-content\/uploads\/2013\/04\/DSC_0102_neu.jpg?w=1752 1752w\" sizes=\"(max-width: 584px) 100vw, 584px\" data-recalc-dims=\"1\" \/><\/a><\/p>\n\n\n<h2 class=\"wp-block-heading has-text-align-left\"><strong>Fahrzeug : Rettungsboot RTB 1<\/strong><\/h2>\n\n\n\n<p>Hersteller : Allroundmarin<br>Typ : POKER 380 Heavy Duty<br>Motor : Mercury F 15 EFI MH<br>Leistung : 11 kW \/ 15 PS<\/p>\n\n\n\n<h2 class=\"wp-block-heading\">Ausr\u00fcstung : <\/h2>\n\n\n\n<p>2 Riemen<br>Aluminiumboden<br>Arbeitsleinen<br>Bootshaken<br>Bootsmesser<br>Kraftstofftank<br>Luftpumpe<br>Rettungsring<br>Rettungswurfleine<br>Rettungswesten<\/p>\n\n\n\n<figure class=\"wp-block-image size-large\"><a href=\"https:\/\/i0.wp.com\/www.feuerwehr-wittenborn.de\/wp-content\/uploads\/2022\/03\/IMG-20210926-WA0013.jpg\"><img decoding=\"async\" loading=\"lazy\" width=\"584\" height=\"438\" src=\"https:\/\/i0.wp.com\/www.feuerwehr-wittenborn.de\/wp-content\/uploads\/2022\/03\/IMG-20210926-WA0013.jpg?resize=584%2C438\" alt=\"\" class=\"wp-image-2070\" srcset=\"https:\/\/i0.wp.com\/www.feuerwehr-wittenborn.de\/wp-content\/uploads\/2022\/03\/IMG-20210926-WA0013.jpg?w=1024 1024w, https:\/\/i0.wp.com\/www.feuerwehr-wittenborn.de\/wp-content\/uploads\/2022\/03\/IMG-20210926-WA0013.jpg?resize=300%2C225 300w, https:\/\/i0.wp.com\/www.feuerwehr-wittenborn.de\/wp-content\/uploads\/2022\/03\/IMG-20210926-WA0013.jpg?resize=768%2C576 768w, https:\/\/i0.wp.com\/www.feuerwehr-wittenborn.de\/wp-content\/uploads\/2022\/03\/IMG-20210926-WA0013.jpg?resize=400%2C300 400w\" sizes=\"(max-width: 584px) 100vw, 584px\" data-recalc-dims=\"1\" \/><\/a><\/figure>\n\n\n\n<figure class=\"wp-block-image size-large is-style-default\"><a href=\"https:\/\/i0.wp.com\/www.feuerwehr-wittenborn.de\/wp-content\/uploads\/2022\/03\/IMG-20210926-WA0014.jpg\"><img decoding=\"async\" loading=\"lazy\" width=\"584\" height=\"438\" src=\"https:\/\/i0.wp.com\/www.feuerwehr-wittenborn.de\/wp-content\/uploads\/2022\/03\/IMG-20210926-WA0014.jpg?resize=584%2C438\" alt=\"\" class=\"wp-image-2071\" srcset=\"https:\/\/i0.wp.com\/www.feuerwehr-wittenborn.de\/wp-content\/uploads\/2022\/03\/IMG-20210926-WA0014.jpg?w=1024 1024w, https:\/\/i0.wp.com\/www.feuerwehr-wittenborn.de\/wp-content\/uploads\/2022\/03\/IMG-20210926-WA0014.jpg?resize=300%2C225 300w, https:\/\/i0.wp.com\/www.feuerwehr-wittenborn.de\/wp-content\/uploads\/2022\/03\/IMG-20210926-WA0014.jpg?resize=768%2C576 768w, https:\/\/i0.wp.com\/www.feuerwehr-wittenborn.de\/wp-content\/uploads\/2022\/03\/IMG-20210926-WA0014.jpg?resize=400%2C300 400w\" sizes=\"(max-width: 584px) 100vw, 584px\" data-recalc-dims=\"1\" \/><\/a><\/figure>\n","protected":false},"excerpt":{"rendered":"<p>Unsere Fahrzeuge im \u00dcberblick Fahrzeug: TLF 16\/25 (Tankl\u00f6schfahrzeug) Baujahr: 1999Fahrgestell: Mercedes AtegoAufbau: SchlingmannZul. Gesamtgewicht: 12,5 tLeistung: 180 KW 245 PSBesatzung: 1\/8Tankinhalt: 2500 l WasserPumpenleistung: 1600 l\/min Zus. Beladung:&#8211;\u00a0\u00a0\u00a0\u00a0\u00a0\u00a0\u00a0\u00a0\u00a0 Hochleistungsl\u00fcfter&#8211;\u00a0\u00a0\u00a0\u00a0\u00a0\u00a0\u00a0\u00a0\u00a0 4 Atemschutzger\u00e4te, davon zwei in der Kabine&#8211;\u00a0\u00a0\u00a0\u00a0\u00a0\u00a0\u00a0\u00a0\u00a0 Stromaggregat 11 kVA&#8211;\u00a0\u00a0\u00a0\u00a0\u00a0\u00a0\u00a0\u00a0\u00a0 Ger\u00e4te &hellip; <a href=\"http:\/\/www.feuerwehr-wittenborn.de\/?page_id=296\">Weiterlesen <span class=\"meta-nav\">&rarr;<\/span><\/a><\/p>\n","protected":false},"author":4,"featured_media":2070,"parent":0,"menu_order":1,"comment_status":"closed","ping_status":"open","template":"","meta":{"jetpack_post_was_ever_published":false},"jetpack_shortlink":"https:\/\/wp.me\/P1A8ly-4M","jetpack_sharing_enabled":true,"_links":{"self":[{"href":"http:\/\/www.feuerwehr-wittenborn.de\/index.php?rest_route=\/wp\/v2\/pages\/296"}],"collection":[{"href":"http:\/\/www.feuerwehr-wittenborn.de\/index.php?rest_route=\/wp\/v2\/pages"}],"about":[{"href":"http:\/\/www.feuerwehr-wittenborn.de\/index.php?rest_route=\/wp\/v2\/types\/page"}],"author":[{"embeddable":true,"href":"http:\/\/www.feuerwehr-wittenborn.de\/index.php?rest_route=\/wp\/v2\/users\/4"}],"replies":[{"embeddable":true,"href":"http:\/\/www.feuerwehr-wittenborn.de\/index.php?rest_route=%2Fwp%2Fv2%2Fcomments&post=296"}],"version-history":[{"count":10,"href":"http:\/\/www.feuerwehr-wittenborn.de\/index.php?rest_route=\/wp\/v2\/pages\/296\/revisions"}],"predecessor-version":[{"id":2514,"href":"http:\/\/www.feuerwehr-wittenborn.de\/index.php?rest_route=\/wp\/v2\/pages\/296\/revisions\/2514"}],"wp:featuredmedia":[{"embeddable":true,"href":"http:\/\/www.feuerwehr-wittenborn.de\/index.php?rest_route=\/wp\/v2\/media\/2070"}],"wp:attachment":[{"href":"http:\/\/www.feuerwehr-wittenborn.de\/index.php?rest_route=%2Fwp%2Fv2%2Fmedia&parent=296"}],"curies":[{"name":"wp","href":"https:\/\/api.w.org\/{rel}","templated":true}]}}